

{"id":7026,"date":"2026-03-04T14:20:05","date_gmt":"2026-03-04T12:20:05","guid":{"rendered":"https:\/\/edai.eu\/?post_type=product&#038;p=7026"},"modified":"2026-03-05T16:33:22","modified_gmt":"2026-03-05T14:33:22","slug":"crecer-juntos-acompanar-a-familias-con-ninos-neurodivergentes","status":"publish","type":"product","link":"https:\/\/edai.eu\/es\/course\/crecer-juntos-acompanar-a-familias-con-ninos-neurodivergentes\/","title":{"rendered":"Crecer juntos: acompa\u00f1ar a familias con ni\u00f1os\/as neurodivergentes"},"content":{"rendered":"<h1 data-start=\"139\" data-end=\"427\"><b>Crecer juntos: acompa\u00f1ar a familias con ni\u00f1os o ni\u00f1as neurodivergentes<\/b><\/h1>\n<p data-start=\"311\" data-end=\"562\"><span style=\"font-weight: 400;\">Las familias con ni\u00f1os, ni\u00f1as y adolescentes con condiciones del neurodesarrollo (como el autismo, el TDAH o las altas capacidades) afrontan desaf\u00edos cotidianos que pueden tener un impacto en su bienestar emocional. Estos desaf\u00edos no derivan \u00fanicamente de las caracter\u00edsticas del ni\u00f1o o la ni\u00f1a, sino tambi\u00e9n de factores externos como la falta de apoyos adecuados, el aislamiento social o el desconocimiento del entorno.<\/span><\/p>\n<p data-start=\"311\" data-end=\"562\"><span style=\"font-weight: 400;\">Este curso ofrece a profesionales del \u00e1mbito psicoeducativo y de la salud infantil un espacio formativo para profundizar en estrategias de acompa\u00f1amiento respetuoso, desde una mirada que integra la mentalizaci\u00f3n y la doble empat\u00eda<\/span><\/p>\n<h4 data-start=\"564\" data-end=\"592\"><b>Objetivos de aprendizaje<\/b><\/h4>\n<ul>\n<li data-start=\"564\" data-end=\"592\">Comprender los retos cotidianos que afrontan las familias con ni\u00f1os, ni\u00f1as y adolescentes con condiciones del neurodesarrollo (como el autismo, el TDAH o las altas capacidades).<\/li>\n<li data-start=\"564\" data-end=\"592\">Reconocer c\u00f3mo los factores externos \u2014como la falta de apoyos adecuados, el aislamiento social o el desconocimiento del entorno\u2014 afectan al bienestar familiar.<\/li>\n<li data-start=\"564\" data-end=\"592\">Desarrollar un enfoque emp\u00e1tico para acompa\u00f1ar a las familias que tenga en cuenta el contexto y las emociones implicadas, en lugar de atribuir responsabilidades individuales.<\/li>\n<li data-start=\"564\" data-end=\"592\">Fortalecer la capacidad de los cuidadores para reconocer, comprender y regular sus propias experiencias emocionales.<\/li>\n<li data-start=\"564\" data-end=\"592\">Profundizar en la comprensi\u00f3n del mundo interno del ni\u00f1o o la ni\u00f1a para favorecer v\u00ednculos seguros y de apoyo.<\/li>\n<li data-start=\"564\" data-end=\"592\">Explorar los conceptos de <strong data-start=\"2461\" data-end=\"2478\">mentalizaci\u00f3n<\/strong> y <strong data-start=\"2481\" data-end=\"2498\">doble empat\u00eda<\/strong> como marcos orientadores para el trabajo con familias.<\/li>\n<\/ul>\n<h4><b>Aplicacion<\/b><b>es pr\u00e1cticas<\/b><\/h4>\n<ul>\n<li data-start=\"2580\" data-end=\"2712\">\n<p data-start=\"2582\" data-end=\"2712\">Aplicar estrategias respetuosas y emp\u00e1ticas para apoyar a las familias en contextos cl\u00ednicos, educativos o de atenci\u00f3n temprana.<\/p>\n<\/li>\n<li data-start=\"2713\" data-end=\"2861\">\n<p data-start=\"2715\" data-end=\"2861\">Utilizar enfoques basados en la mentalizaci\u00f3n para ayudar a los cuidadores a reflexionar sobre sus propias emociones y las de sus hijos e hijas.<\/p>\n<\/li>\n<li data-start=\"2862\" data-end=\"2952\">\n<p data-start=\"2864\" data-end=\"2952\">Facilitar conversaciones que mejoren la comprensi\u00f3n mutua entre ni\u00f1os\/as y cuidadores.<\/p>\n<\/li>\n<li data-start=\"2953\" data-end=\"3074\">\n<p data-start=\"2955\" data-end=\"3074\">Implementar estrategias pr\u00e1cticas que reduzcan el malestar familiar y fortalezcan el sistema familiar en su conjunto.<\/p>\n<\/li>\n<li data-start=\"3075\" data-end=\"3183\" data-is-last-node=\"\">\n<p data-start=\"3077\" data-end=\"3183\" data-is-last-node=\"\">Promover entornos que favorezcan el bienestar emocional tanto de los cuidadores como de los ni\u00f1os y ni\u00f1as.<\/p>\n<\/li>\n<\/ul>\n<h4><b>Ponentes\u00a0<\/b><\/h4>\n<h5 data-start=\"429\" data-end=\"710\"><b>Let\u00edcia Asenjo, Co-directora y co-fundadora d\u2019EDAI\u00a0<\/b><\/h5>\n<p data-start=\"170\" data-end=\"634\">Psic\u00f3loga, psicoterapeuta y escritora, es cofundadora y codirectora de EDAI. Su campo de investigaci\u00f3n es la mentalizaci\u00f3n, dentro del programa de doctorado \u00abBrain, Cognition, and Behaviour.\u00bb Supervisora de MBT-F acreditada por el Anna Freud Centre de Londres, Reino Unido. Docente en el M\u00e1ster de atenci\u00f3n temprana y trabajo con familias (UB).<\/p>\n<h5 data-start=\"170\" data-end=\"634\"><b>Jes\u00fas Molina, PhD.\u00a0\u00a0<\/b><\/h5>\n<p data-start=\"170\" data-end=\"634\">Psic\u00f3logo PhD y psicoterapeuta en EDAI. Docente en el M\u00e1ster de atenci\u00f3n temprana y trabajo con familias (UB)<\/p>\n<p>Este curso forma parte del <strong data-start=\"2245\" data-end=\"2305\">Programa Especializado en Neurodesarrollo de la EDAI School of Neurodevelopment and Mental Health<\/strong>.<\/p>\n<p><i><strong data-start=\"2308\" data-end=\"2323\">IMPORTANTE:<\/strong> En caso de no alcanzarse el n\u00famero m\u00ednimo de participantes una semana antes del inicio del curso, las personas inscritas ser\u00e1n informadas de los siguientes pasos.<\/i><\/p>\n<p>Para cualquier consulta, puedes escribir a: <strong data-start=\"2532\" data-end=\"2552\"><a class=\"decorated-link cursor-pointer\" rel=\"noopener\" data-start=\"2534\" data-end=\"2550\">training@edai.eu<\/a><\/strong><\/p>\n","protected":false},"excerpt":{"rendered":"<h6>Transforma tu t\u00e9cnica diagn\u00f3stica con esta Formaci\u00f3n Especializada en Neurodesarrollo.<\/h6>\n<p>\ud83d\udcc5 <strong data-start=\"116\" data-end=\"138\">12 Junio 2026<\/strong><br data-start=\"138\" data-end=\"141\" \/>\u23f0<b> 10:00 \u2013 14:00 h<\/b><br data-start=\"165\" data-end=\"168\" \/>\ud83d\udccd <strong data-start=\"171\" data-end=\"210\">EDAI Gracia. C\/ Luis Ant\u00fanez 13. Barcelona<\/strong><\/p>\n<p><span style=\"font-family: inherit; font-style: inherit;\">10% Descuento para asistentes de la EDAI International Conference o alumnos de otras formaciones del programa de Especializaci\u00f3n en Neurodesarrollo.\u00a0<\/span><\/p>\n","protected":false},"featured_media":7031,"template":"","meta":{"_acf_changed":false,"CBBTypography":[]},"product_brand":[],"product_cat":[44,37],"product_tag":[],"class_list":{"0":"post-7026","1":"product","2":"type-product","3":"status-publish","4":"has-post-thumbnail","6":"product_cat-neurodesarrollo","7":"product_cat-uncategorized-es","9":"first","10":"instock","11":"shipping-taxable","12":"purchasable","13":"product-type-variable"},"acf":[],"_links":{"self":[{"href":"https:\/\/edai.eu\/es\/wp-json\/wp\/v2\/product\/7026","targetHints":{"allow":["GET"]}}],"collection":[{"href":"https:\/\/edai.eu\/es\/wp-json\/wp\/v2\/product"}],"about":[{"href":"https:\/\/edai.eu\/es\/wp-json\/wp\/v2\/types\/product"}],"wp:featuredmedia":[{"embeddable":true,"href":"https:\/\/edai.eu\/es\/wp-json\/wp\/v2\/media\/7031"}],"wp:attachment":[{"href":"https:\/\/edai.eu\/es\/wp-json\/wp\/v2\/media?parent=7026"}],"wp:term":[{"taxonomy":"product_brand","embeddable":true,"href":"https:\/\/edai.eu\/es\/wp-json\/wp\/v2\/product_brand?post=7026"},{"taxonomy":"product_cat","embeddable":true,"href":"https:\/\/edai.eu\/es\/wp-json\/wp\/v2\/product_cat?post=7026"},{"taxonomy":"product_tag","embeddable":true,"href":"https:\/\/edai.eu\/es\/wp-json\/wp\/v2\/product_tag?post=7026"}],"curies":[{"name":"wp","href":"https:\/\/api.w.org\/{rel}","templated":true}]}}